{"id":2711,"date":"2022-12-21T20:07:46","date_gmt":"2022-12-21T19:07:46","guid":{"rendered":"https:\/\/www.amplitudstudio.com\/projectes\/"},"modified":"2023-03-21T14:11:33","modified_gmt":"2023-03-21T13:11:33","slug":"projects","status":"publish","type":"page","link":"https:\/\/www.amplitudstudio.com\/en\/projects\/","title":{"rendered":"Projects"},"content":{"rendered":"\t\t<div data-elementor-type=\"wp-page\" data-elementor-id=\"2711\" class=\"elementor elementor-2711 elementor-169\">\n\t\t\t\t\t\t\t\t\t<section data-particle_enable=\"false\" data-particle-mobile-disabled=\"false\" class=\"elementor-section elementor-top-section elementor-element elementor-element-3aa6575 elementor-section-full_width elementor-section-stretched elementor-section-height-default elementor-section-height-default\" data-id=\"3aa6575\" data-element_type=\"section\" data-settings=\"{&quot;stretch_section&quot;:&quot;section-stretched&quot;}\">\n\t\t\t\t\t\t<div class=\"elementor-container elementor-column-gap-default\">\n\t\t\t\t\t<div class=\"make-column-clickable-elementor elementor-column elementor-col-50 elementor-top-column elementor-element elementor-element-8d97a5f\" style=\"cursor: pointer;\" data-column-clickable=\"\/en\/traditional-country-home-in-mataro\/\" data-column-clickable-blank=\"_self\" data-id=\"8d97a5f\" data-element_type=\"column\">\n\t\t\t<div class=\"elementor-widget-wrap elementor-element-populated\">\n\t\t\t\t\t\t\t\t<div class=\"elementor-element elementor-element-82cae2b proyectos elementor-widget elementor-widget-eael-interactive-promo\" data-id=\"82cae2b\" data-element_type=\"widget\" data-widget_type=\"eael-interactive-promo.default\">\n\t\t\t\t<div class=\"elementor-widget-container\">\n\t\t\t        <div id=\"eael-promo-82cae2b\" class=\"eael-interactive-promo\">\n            <figure class=\"effect-roxy\">\n                <img decoding=\"async\" alt=\"Sant Vicen\u00e7\" src=\"https:\/\/www.amplitudstudio.com\/wp-content\/uploads\/2023\/03\/reforma-mataro.webp\">                <figcaption>\n                    <div>\n                        \n                        <p>MAS\u00cdA MATAR\u00d3<br>\nHOME DESIGN AND RENOVATION<\/p>\n                    <\/div>\n                                            <a href=\"\/en\/traditional-country-home-in-mataro\/\" target=\"_self\"><\/a>\n                                    <\/figcaption>\n            <\/figure>\n        <\/div>\n\t\t<\/div>\n\t\t\t\t<\/div>\n\t\t\t\t<div class=\"elementor-element elementor-element-5f97117 elementor-hidden-desktop elementor-widget elementor-widget-text-editor\" data-id=\"5f97117\" data-element_type=\"widget\" data-widget_type=\"text-editor.default\">\n\t\t\t\t<div class=\"elementor-widget-container\">\n\t\t\t<style>\/*! elementor - v3.13.3 - 28-05-2023 *\/\n.elementor-widget-text-editor.elementor-drop-cap-view-stacked .elementor-drop-cap{background-color:#69727d;color:#fff}.elementor-widget-text-editor.elementor-drop-cap-view-framed .elementor-drop-cap{color:#69727d;border:3px solid;background-color:transparent}.elementor-widget-text-editor:not(.elementor-drop-cap-view-default) .elementor-drop-cap{margin-top:8px}.elementor-widget-text-editor:not(.elementor-drop-cap-view-default) .elementor-drop-cap-letter{width:1em;height:1em}.elementor-widget-text-editor .elementor-drop-cap{float:left;text-align:center;line-height:1;font-size:50px}.elementor-widget-text-editor .elementor-drop-cap-letter{display:inline-block}<\/style>\t\t\t\tMAS\u00cdA MATAR\u00d3<br>\nHOME DESIGN AND RENOVATION\t\t\t\t\t\t<\/div>\n\t\t\t\t<\/div>\n\t\t\t\t\t<\/div>\n\t\t<\/div>\n\t\t\t\t<div class=\"make-column-clickable-elementor elementor-column elementor-col-50 elementor-top-column elementor-element elementor-element-bfe64dc\" style=\"cursor: pointer;\" data-column-clickable=\"\/en\/modern-home-in-mataro\" data-column-clickable-blank=\"_self\" data-id=\"bfe64dc\" data-element_type=\"column\">\n\t\t\t<div class=\"elementor-widget-wrap elementor-element-populated\">\n\t\t\t\t\t\t\t\t<div class=\"elementor-element elementor-element-8f80e64 proyectos elementor-widget elementor-widget-eael-interactive-promo\" data-id=\"8f80e64\" data-element_type=\"widget\" data-widget_type=\"eael-interactive-promo.default\">\n\t\t\t\t<div class=\"elementor-widget-container\">\n\t\t\t        <div id=\"eael-promo-8f80e64\" class=\"eael-interactive-promo\">\n            <figure class=\"effect-roxy\">\n                <img decoding=\"async\" alt=\"Sant Vicen\u00e7\" src=\"https:\/\/www.amplitudstudio.com\/wp-content\/uploads\/2023\/03\/construccion-cocina-mataro.webp\">                <figcaption>\n                    <div>\n                        \n                        <p>INTERIOR DESIGN AND NEW BUILDING PROJECTS<br>\nFOR A MODERN HOME IN MATAR\u00d3<\/p>\n                    <\/div>\n                                            <a href=\"\/en\/modern-home-in-mataro\" target=\"_self\"><\/a>\n                                    <\/figcaption>\n            <\/figure>\n        <\/div>\n\t\t<\/div>\n\t\t\t\t<\/div>\n\t\t\t\t<div class=\"elementor-element elementor-element-03f2c60 elementor-hidden-desktop elementor-widget elementor-widget-text-editor\" data-id=\"03f2c60\" data-element_type=\"widget\" data-widget_type=\"text-editor.default\">\n\t\t\t\t<div class=\"elementor-widget-container\">\n\t\t\t\t\t\t\tINTERIOR DESIGN AND NEW BUILDING PROJECTS<br>\nFOR A MODERN HOME IN MATAR\u00d3\t\t\t\t\t\t<\/div>\n\t\t\t\t<\/div>\n\t\t\t\t\t<\/div>\n\t\t<\/div>\n\t\t\t\t\t\t\t<\/div>\n\t\t<\/section>\n\t\t\t\t<section data-particle_enable=\"false\" data-particle-mobile-disabled=\"false\" class=\"elementor-section elementor-top-section elementor-element elementor-element-0e723bd elementor-section-full_width elementor-section-stretched elementor-section-height-default elementor-section-height-default\" data-id=\"0e723bd\" data-element_type=\"section\" data-settings=\"{&quot;stretch_section&quot;:&quot;section-stretched&quot;}\">\n\t\t\t\t\t\t<div class=\"elementor-container elementor-column-gap-default\">\n\t\t\t\t\t<div class=\"make-column-clickable-elementor elementor-column elementor-col-50 elementor-top-column elementor-element elementor-element-22c65ba\" style=\"cursor: pointer;\" data-column-clickable=\"\/en\/el-mirador-in-sant-vicenc-de-montalt\/\" data-column-clickable-blank=\"_self\" data-id=\"22c65ba\" data-element_type=\"column\">\n\t\t\t<div class=\"elementor-widget-wrap elementor-element-populated\">\n\t\t\t\t\t\t\t\t<div class=\"elementor-element elementor-element-1f55d6a proyectos elementor-widget elementor-widget-eael-interactive-promo\" data-id=\"1f55d6a\" data-element_type=\"widget\" data-widget_type=\"eael-interactive-promo.default\">\n\t\t\t\t<div class=\"elementor-widget-container\">\n\t\t\t        <div id=\"eael-promo-1f55d6a\" class=\"eael-interactive-promo\">\n            <figure class=\"effect-roxy\">\n                <img decoding=\"async\" alt=\"Sant Vicen\u00e7\" src=\"https:\/\/www.amplitudstudio.com\/wp-content\/uploads\/2023\/03\/diseno-reforma-sant-vicenc.webp\">                <figcaption>\n                    <div>\n                        \n                        <p>DESIGN AND REFORM OF A MEDITERRANEAN HOUSE<br>\nIN SANT VICEN\u00c7 DE MONTALT<\/p>\n                    <\/div>\n                                            <a href=\"\/en\/el-mirador-in-sant-vicenc-de-montalt\/\" target=\"_self\"><\/a>\n                                    <\/figcaption>\n            <\/figure>\n        <\/div>\n\t\t<\/div>\n\t\t\t\t<\/div>\n\t\t\t\t<div class=\"elementor-element elementor-element-45440db elementor-hidden-desktop elementor-widget elementor-widget-text-editor\" data-id=\"45440db\" data-element_type=\"widget\" data-widget_type=\"text-editor.default\">\n\t\t\t\t<div class=\"elementor-widget-container\">\n\t\t\t\t\t\t\tDESIGN AND REFORM OF A MEDITERRANEAN HOUSE<br>\nIN SANT VICEN\u00c7 DE MONTALT\t\t\t\t\t\t<\/div>\n\t\t\t\t<\/div>\n\t\t\t\t\t<\/div>\n\t\t<\/div>\n\t\t\t\t<div class=\"make-column-clickable-elementor elementor-column elementor-col-50 elementor-top-column elementor-element elementor-element-6913dd2\" style=\"cursor: pointer;\" data-column-clickable=\"\/en\/manor-house-in-sant-vicenc-de-montalt\/\" data-column-clickable-blank=\"_self\" data-id=\"6913dd2\" data-element_type=\"column\">\n\t\t\t<div class=\"elementor-widget-wrap elementor-element-populated\">\n\t\t\t\t\t\t\t\t<div class=\"elementor-element elementor-element-a3dd690 proyectos elementor-widget elementor-widget-eael-interactive-promo\" data-id=\"a3dd690\" data-element_type=\"widget\" data-widget_type=\"eael-interactive-promo.default\">\n\t\t\t\t<div class=\"elementor-widget-container\">\n\t\t\t        <div id=\"eael-promo-a3dd690\" class=\"eael-interactive-promo\">\n            <figure class=\"effect-roxy\">\n                <img decoding=\"async\" alt=\"Sant Vicen\u00e7\" src=\"https:\/\/www.amplitudstudio.com\/wp-content\/uploads\/2023\/03\/reforma-sant-vicenc.webp\">                <figcaption>\n                    <div>\n                        \n                        <p>CONSTRUCTION AND REFORM OF A MANOR HOUSE<br>\nIN SANT VICEN\u00c7 DE MONTALT<\/p>\n                    <\/div>\n                                            <a href=\"\/en\/manor-house-in-sant-vicenc-de-montalt\/\" target=\"_self\"><\/a>\n                                    <\/figcaption>\n            <\/figure>\n        <\/div>\n\t\t<\/div>\n\t\t\t\t<\/div>\n\t\t\t\t<div class=\"elementor-element elementor-element-126a459 elementor-hidden-desktop elementor-widget elementor-widget-text-editor\" data-id=\"126a459\" data-element_type=\"widget\" data-widget_type=\"text-editor.default\">\n\t\t\t\t<div class=\"elementor-widget-container\">\n\t\t\t\t\t\t\tCONSTRUCTION AND REFORM OF A MANOR HOUSE<br>\nIN SANT VICEN\u00c7 DE MONTALT\t\t\t\t\t\t<\/div>\n\t\t\t\t<\/div>\n\t\t\t\t\t<\/div>\n\t\t<\/div>\n\t\t\t\t\t\t\t<\/div>\n\t\t<\/section>\n\t\t\t\t<section data-particle_enable=\"false\" data-particle-mobile-disabled=\"false\" class=\"elementor-section elementor-top-section elementor-element elementor-element-cb25d4b elementor-section-full_width elementor-section-stretched elementor-section-height-default elementor-section-height-default\" data-id=\"cb25d4b\" data-element_type=\"section\" data-settings=\"{&quot;stretch_section&quot;:&quot;section-stretched&quot;}\">\n\t\t\t\t\t\t<div class=\"elementor-container elementor-column-gap-default\">\n\t\t\t\t\t<div class=\"make-column-clickable-elementor elementor-column elementor-col-50 elementor-top-column elementor-element elementor-element-8a475bc\" style=\"cursor: pointer;\" data-column-clickable=\"\/en\/mediterranean-house-in-sant-vicenc-de-montalt\/\" data-column-clickable-blank=\"_self\" data-id=\"8a475bc\" data-element_type=\"column\">\n\t\t\t<div class=\"elementor-widget-wrap elementor-element-populated\">\n\t\t\t\t\t\t\t\t<div class=\"elementor-element elementor-element-7a9307a proyectos elementor-widget elementor-widget-eael-interactive-promo\" data-id=\"7a9307a\" data-element_type=\"widget\" data-widget_type=\"eael-interactive-promo.default\">\n\t\t\t\t<div class=\"elementor-widget-container\">\n\t\t\t        <div id=\"eael-promo-7a9307a\" class=\"eael-interactive-promo\">\n            <figure class=\"effect-roxy\">\n                <img decoding=\"async\" alt=\"Sant Vicen\u00e7\" src=\"https:\/\/www.amplitudstudio.com\/wp-content\/uploads\/2023\/03\/diseno-sant-vicenc.webp\">                <figcaption>\n                    <div>\n                        \n                        <p>INTERIOR DESIGN AND REFORM OF A MEDITERRANEAN HOUSE<br>\nIN SANT VICEN\u00c7 DE MONTALT<\/p>\n                    <\/div>\n                                            <a href=\"\/en\/mediterranean-house-in-sant-vicenc-de-montalt\/\" target=\"_self\"><\/a>\n                                    <\/figcaption>\n            <\/figure>\n        <\/div>\n\t\t<\/div>\n\t\t\t\t<\/div>\n\t\t\t\t<div class=\"elementor-element elementor-element-5860022 elementor-hidden-desktop elementor-widget elementor-widget-text-editor\" data-id=\"5860022\" data-element_type=\"widget\" data-widget_type=\"text-editor.default\">\n\t\t\t\t<div class=\"elementor-widget-container\">\n\t\t\t\t\t\t\tINTERIOR DESIGN AND REFORM OF A MEDITERRANEAN HOUSE<br>\nIN SANT VICEN\u00c7 DE MONTALT\t\t\t\t\t\t<\/div>\n\t\t\t\t<\/div>\n\t\t\t\t\t<\/div>\n\t\t<\/div>\n\t\t\t\t<div class=\"elementor-column elementor-col-50 elementor-top-column elementor-element elementor-element-d430ec8\" data-id=\"d430ec8\" data-element_type=\"column\">\n\t\t\t<div class=\"elementor-widget-wrap\">\n\t\t\t\t\t\t\t\t\t<\/div>\n\t\t<\/div>\n\t\t\t\t\t\t\t<\/div>\n\t\t<\/section>\n\t\t\t\t\t\t\t<\/div>\n\t\t","protected":false},"excerpt":{"rendered":"<p>MAS\u00cdA MATAR\u00d3 HOME DESIGN AND RENOVATION &nbsp; MAS\u00cdA MATAR\u00d3 HOME DESIGN AND RENOVATION INTERIOR DESIGN AND NEW BUILDING PROJECTS FOR A MODERN HOME IN MATAR\u00d3 &nbsp; INTERIOR DESIGN AND NEW BUILDING PROJECTS FOR A MODERN HOME IN MATAR\u00d3 DESIGN AND REFORM OF A MEDITERRANEAN HOUSE IN SANT VICEN\u00c7 DE MONTALT &nbsp; DESIGN AND REFORM OF &#8230; <a title=\"Projects\" class=\"read-more\" href=\"https:\/\/www.amplitudstudio.com\/en\/projects\/\" aria-label=\"More on Projects\">Read more<\/a><\/p>\n","protected":false},"author":1,"featured_media":0,"parent":0,"menu_order":0,"comment_status":"closed","ping_status":"closed","template":"elementor_header_footer","meta":{"inline_featured_image":false,"footnotes":""},"class_list":["post-2711","page","type-page","status-publish"],"_links":{"self":[{"href":"https:\/\/www.amplitudstudio.com\/en\/wp-json\/wp\/v2\/pages\/2711","targetHints":{"allow":["GET"]}}],"collection":[{"href":"https:\/\/www.amplitudstudio.com\/en\/wp-json\/wp\/v2\/pages"}],"about":[{"href":"https:\/\/www.amplitudstudio.com\/en\/wp-json\/wp\/v2\/types\/page"}],"author":[{"embeddable":true,"href":"https:\/\/www.amplitudstudio.com\/en\/wp-json\/wp\/v2\/users\/1"}],"replies":[{"embeddable":true,"href":"https:\/\/www.amplitudstudio.com\/en\/wp-json\/wp\/v2\/comments?post=2711"}],"version-history":[{"count":15,"href":"https:\/\/www.amplitudstudio.com\/en\/wp-json\/wp\/v2\/pages\/2711\/revisions"}],"predecessor-version":[{"id":3517,"href":"https:\/\/www.amplitudstudio.com\/en\/wp-json\/wp\/v2\/pages\/2711\/revisions\/3517"}],"wp:attachment":[{"href":"https:\/\/www.amplitudstudio.com\/en\/wp-json\/wp\/v2\/media?parent=2711"}],"curies":[{"name":"wp","href":"https:\/\/api.w.org\/{rel}","templated":true}]}}